{"id":26,"date":"2013-06-10T19:58:20","date_gmt":"2013-06-10T17:58:20","guid":{"rendered":"http:\/\/www.foerderkreis-cvo.de\/wordpress\/?page_id=26"},"modified":"2021-01-28T16:38:19","modified_gmt":"2021-01-28T14:38:19","slug":"veroffentlichungen","status":"publish","type":"page","link":"https:\/\/www.foerderkreis-cvo.de\/?page_id=26","title":{"rendered":"Ver\u00f6ffentlichungen"},"content":{"rendered":"<p>Finden Sie Aktuelles zur Schule auch auf der <a href=\"http:\/\/www.cvossietzky.de\/\" target=\"_blank\" rel=\"noopener\">Webseite der Schule (siehe &#8222;Aktuell&#8220;)<\/a><\/p>\n<p>Hier finden Sie Berichte und Meldungen rund um das CvO aus der regionalen und \u00fcberregionalen Presse. Ihnen ist ein Bericht \u00fcber die Schule aufgefallen, der hier noch nicht aufgef\u00fchrt ist? Schreiben Sie uns eine Mail: <a href=\"mailto:info@foerderkreis-cvo.de\">info@foerderkreis-cvo.de<\/a>.<\/p>\n<p><strong>25.03.2020<\/strong> Bericht im <strong>Wiesbadener Kurier<\/strong>: <a href=\"https:\/\/www.wiesbadener-kurier.de\/lokales\/wiesbaden\/nachrichten-wiesbaden\/der-rohbau-in-klarenthal-steht-das-richtfest-fallt-aus_21463261\">Der Rohbau in Klarenthal steht, das Richtfest f\u00e4llt aus<\/a><\/p>\n<p><strong>06.12.2019<\/strong> Bericht im <strong>Wiesbadener Kurier: <\/strong><a href=\"https:\/\/www.wiesbadener-kurier.de\/lokales\/wiesbaden\/nachrichten-wiesbaden\/carl-von-ossietzky-schule-ist-jetzt-schule-ohne-rassismus_20834760\">Carl-von-Ossietzky-Schule ist jetzt \u201eSchule ohne Rassismus\u201c<\/a><\/p>\n<p><strong>11.11.2019<\/strong> Bericht im <strong>Wiesbadener Kurier<\/strong>: <a href=\"https:\/\/www.wiesbadener-kurier.de\/lokales\/wiesbaden\/nachrichten-wiesbaden\/wiesbaden-grosse-solidaritat-bei-gedenkstunde-zu-pogromnacht_20671684\">Gro\u00dfe Solidarit\u00e4t bei Gedenkstunde zu Pogromnacht<\/a><\/p>\n<p><strong>17.09.2018<\/strong>\u00a0Bericht im <strong>Wiesbadener Kurier<\/strong><br \/>\n<a href=\"https:\/\/www.wiesbadener-kurier.de\/lokales\/wiesbaden\/nachrichten-wiesbaden\/wiesbadener-ossietzkyschuler-befragen-landtagskandidaten-zu-wichtigen-themen_19066568\" target=\"_blank\" rel=\"noopener\">Wiesbadener Ossietzkysch\u00fcler befragen Landtagskandidaten zu wichtigen Themen <\/a><\/p>\n<p><strong>03.11.2017<\/strong> Bericht im <strong>Wiesbadener Kurier<\/strong><br \/>\n<a href=\"https:\/\/www.wiesbadener-kurier.de\/lokales\/wiesbaden\/nachrichten-wiesbaden\/wiesbadener-ossietzkyschuler-befragen-landtagskandidaten-zu-wichtigen-themen_19066568\" target=\"_blank\" rel=\"noopener\">Austausch der Carl-von-Ossietzky-Schule mit Moskauer Gymnasium <\/a><\/p>\n<p><strong>20.5.2016 <\/strong>Bericht im<strong> <strong>Wiesbadener Kurier<\/strong><\/strong><br \/>\n<a href=\"https:\/\/www.wiesbadener-kurier.de\/lokales\/wiesbaden\/nachrichten-wiesbaden\/austausch-der-carl-von-ossietzky-schule-mit-moskauer-gymnasium_18292818\" target=\"_blank\" rel=\"noopener\">Theater-AG der Ossietzky-Schule begeistert zur Er\u00f6ffnung der Kulturtage Klarenthal<\/a><\/p>\n<p><strong>9.11.2015 <\/strong>Bildergalerie auf <strong>Wiesbaden.de<\/strong><br \/>\n<a href=\"http:\/\/www.wiesbaden.de\/medien\/bildergalerien\/2015\/2015-11-09-gedenkstunde-reichspogromnacht.php#240287\" target=\"_blank\" rel=\"noopener\"> Bildergalerie zur Gedenkstunde Reichsprogromnach 2015<\/a><\/p>\n<p><strong>16.10.2015 <\/strong>Bericht im <strong>Wiesbadener Kurier<\/strong><br \/>\n<a href=\"http:\/\/www.wiesbadener-kurier.de\/lokales\/wiesbaden\/nachrichten-wiesbaden\/japanische-lehrerdelegation-zu-gastim-unterricht-an-der-carl-von-ossietzky-schule-in-klarenthal_16286583.htm\" target=\"_blank\" rel=\"noopener\"> Japanische Lehrerdelegation zu Gast an der CvO<\/a><\/p>\n<p><strong>27.04.2015 <\/strong>Bericht im <strong>Wiesbadener Kurier<\/strong><br \/>\n<a href=\"http:\/\/www.wiesbadener-kurier.de\/lokales\/wiesbaden\/nachrichten-wiesbaden\/kunstprojekt-der-ossietzky-schule-zu-sprichwoertern-schueler-lassen-passanten-im-heuhaufen-wuehlen_15267103.htm\" target=\"_blank\" rel=\"noopener\"> Kunstprojekt der Ossietzky-Schule<\/a><\/p>\n<p><strong>04.03.2015 <\/strong>Bericht im <strong>Wiesbadener Kurier<\/strong><br \/>\n<a href=\"http:\/\/www.wiesbadener-kurier.de\/lokales\/wiesbaden\/nachrichten-wiesbaden\/seit-25-jahren-besuchen-schueler-aus-kfar-saba-die-carl-von-ossietzky-schule-in-wiesbaden_15070797.htm\" target=\"_blank\" rel=\"noopener\"> Seit 25 Jahren besuchen Sch\u00fcler aus Kfar Saba die Carl-von-Ossietzky-Schule<\/a><\/p>\n<p><strong>12.02.2015 <\/strong>Bericht im <strong>Wiesbadener Kurier<\/strong><br \/>\n<a href=\"http:\/\/www.wiesbadener-kurier.de\/lokales\/wiesbaden\/nachrichten-wiesbaden\/koalition-in-wiesbaden-einigt-sich-ruecktritt-von-grundstuecks-kaufvertrag-mit-projektentwickler-ofb_15014512.htm\" target=\"_blank\" rel=\"noopener\"> Koalition in Wiesbaden einigt sich<\/a><br \/>\nBest\u00e4tigung des Neubaubeschlusses<\/p>\n<p><strong>11.11.2014 <\/strong>Bericht im <strong>Wiesbadener Kurier<\/strong><br \/>\n<a href=\"http:\/\/www.wiesbadener-tagblatt.de\/lokales\/wiesbaden\/nachrichten-wiesbaden\/susanne-schaedlich-stellt-in-der-ossietzky-schule-ihr-buch-immer-wieder-dezember-vor_14764853.htm\">Susanne Sch\u00e4dlich stellt in der Ossietzky-Schule ihr Buch \u201eImmer wieder Dezember\u201c vor <\/a><br \/>\nBericht \u00fcber den Besuch der Autorin Susanne Sch\u00e4dlich<\/p>\n<p><strong>29.10.2014 <\/strong>Bericht in der<strong>\u00a0Frankfurter Rundschau<\/strong><br \/>\n<a href=\"http:\/\/www.fr-online.de\/wiesbaden\/wiesbaden-magistrat-will-das-stadtmuseum,1472860,28888846.html\" target=\"_blank\" rel=\"noopener\"> Magistrat will das Stadtmuseum<\/a><br \/>\nBericht \u00fcber den Fortschritt der Planungen zum Stadtmuseum<\/p>\n<p><strong>30.09.2014 <\/strong>Bericht im<strong> Wiesbadener Kurier<\/strong><br \/>\n<a href=\"http:\/\/www.wiesbadener-kurier.de\/lokales\/wiesbaden\/stadtteile-wiesbaden\/klarenthal\/gehalt-eines-schriftstellers_14651630.htm\" target=\"_blank\" rel=\"noopener\"> Gehalt eines Schriftstellers<\/a><br \/>\nBericht \u00fcber den Besuch des Autors Andreas Maier<\/p>\n<p><strong>24.05.2014 <\/strong>Bericht in der<strong> Frankfurter Allgemeinen Zeitung<\/strong><br \/>\n<a href=\"http:\/\/www.faz.net\/aktuell\/rhein-main\/hessen\/stadtmuseum-wiesbaden-ein-kulturpolitisches-kunststueck-12955450.html\" target=\"_blank\" rel=\"noopener\"> Ein kulturpolitisches Kunstst\u00fcck<\/a><br \/>\nZusammenhang zwischen Museum und Neubau der CvO.<\/p>\n<p><strong>13.05.2014<\/strong> Bericht im <strong>Wiesbadener Kurier<\/strong><img loading=\"lazy\" decoding=\"async\" class=\"size-thumbnail wp-image-267 alignright\" src=\"http:\/\/www.foerderkreis-cvo.de\/wp-content\/uploads\/Bibliothek-150x150.jpg\" alt=\"Bibliothek\" width=\"150\" height=\"150\" \/><br \/>\n<a href=\"http:\/\/www.wiesbadener-kurier.de\/lokales\/wiesbaden\/nachrichten-wiesbaden\/analyse-zum-stadtmuseum-dass-wiesbaden-endlich-seine-nassauer-schaetze-praesentiert-ist-machbar-und-kulturpolitische-pflicht_14132210.htm\" target=\"_blank\" rel=\"noopener\"> Analyse zum Stadtmuseum<\/a><br \/>\nInsbesondere im zweiten Teil ist das Zitat \u201eIch wei\u00df nicht, warum die Carl-von-Ossietzky-Schule nicht kommen sollte.\u201c bemerkenswert!<\/p>\n<p><strong>8.5.2014<\/strong> Bericht im <strong>Wiesbadener Kurier<\/strong><br \/>\n<a href=\"http:\/\/www.wiesbadener-kurier.de\/lokales\/wiesbaden\/stadtteile-wiesbaden\/klarenthal\/planungen-fuer-neubau-der-carl-von-ossietzky-schule-kommen-voran_14118565.htm\" target=\"_blank\" rel=\"noopener\"> Planungen f\u00fcr Neubau der Carl-von-Ossietzky-Schule kommen voran<\/a><\/p>\n<p><strong>22.03.2014<\/strong> Bericht im <strong>Wiesbadener Kurier<\/strong><br \/>\n<a href=\"http:\/\/www.wiesbadener-kurier.de\/lokales\/wiesbaden\/nachrichten-wiesbaden\/fragen-zum-schulneubau_13987835.htm\" target=\"_blank\" rel=\"noopener\"> Fragen zum Schulneubau<\/a><\/p>\n<p><strong>31.01.2014<\/strong> Bericht im <strong>Wiesbadener Kurier<\/strong><br \/>\n<a href=\"http:\/\/www.wiesbadener-kurier.de\/lokales\/wiesbaden\/stadtteile-wiesbaden\/klarenthal\/carl-von-ossietzky-schule-will-nicht-ins-rotaprint-gebaeude_13827933.htm\" target=\"_blank\" rel=\"noopener\"> Carl-von-Ossietzky-Schule will nicht ins Rotaprint-Geb\u00e4ude<\/a><\/p>\n<p><strong>30.01.2014<\/strong>\u00a0Bericht im <strong>Wiesbadener Kurier<\/strong><br \/>\n<a href=\"http:\/\/www.wiesbadener-kurier.de\/lokales\/wiesbaden\/nachrichten-wiesbaden\/zeitzeugin-aviva-goldschmidt-spricht-vor-schuelern-der-carl-von-ossietzky-schule-ueber-ihre-flucht-vor-den-nazis_13827903.htm\" target=\"_blank\" rel=\"noopener\">Zeitzeugin Aviva Goldschmidt spricht vor Sch\u00fclern der Carl-von-Ossietzky-Schule \u00fcber ihre Flucht vor den Nazis<\/a><\/p>\n<p><strong>27.01.2014<\/strong> Bericht im <strong>Wiesbadener Kurier<\/strong><br \/>\n<a href=\"http:\/\/www.wiesbadener-kurier.de\/lokales\/wiesbaden\/stadtteile-wiesbaden\/klarenthal\/klarenthaler-hoffen-auf-rettung-des-carl-von-ossietzky-oberstufengymnasiums_13818831.htm\" target=\"_blank\" rel=\"noopener\"> Klarenthaler hoffen auf Rettung des Carl-von-Ossietzky- Oberstufengymnasiums<\/a><\/p>\n<p><strong>11.11.2013<\/strong> Bericht im <strong>Wiesbadener Kurier<\/strong><br \/>\n<a href=\"http:\/\/www.wiesbadener-kurier.de\/lokales\/wiesbaden\/nachrichten-wiesbaden\/wiesbaden-erinnerung-an-die-pogromnacht-vor-75-jahren-am-standort-der-ehemaligen-synagoge_13604520.htm\" target=\"_blank\" rel=\"noopener\"> Erinnerung an die Pogromnacht vor 75 Jahren am Standort der ehemaligen Synagoge<\/a><\/p>\n<p><strong>21.08.2013<\/strong> Bericht im <strong>Wiesbadener Kurier<\/strong><br \/>\n<a href=\"http:\/\/www.wiesbadener-kurier.de\/region\/wiesbaden\/meldungen\/13367708.htm\" target=\"_blank\" rel=\"noopener\">EU-Politiker Martin Schulz zu Gast an der Carl-von-Ossietzky-Schule<\/a><\/p>\n<p><strong>24.06.2013:<\/strong> Bericht im <strong>Wiesbadener Kurier<\/strong><br \/>\n<a href=\"http:\/\/www.wiesbadener-kurier.de\/region\/wiesbaden\/meldungen\/13203232.htm\" target=\"_blank\" rel=\"noopener\">Vergabe wissenschaftlicher Preise der Loos-Stiftung<\/a><\/p>\n<p><strong>16.06.2013:<\/strong> Bericht im <strong>Wiesbadener Kurier<\/strong> \u00fcber den Abistreich 2013<br \/>\n<a href=\"http:\/\/www.wiesbadener-kurier.de\/region\/wiesbaden\/meldungen\/13181528.htm\" target=\"_blank\" rel=\"noopener\">Es wird uns zu bunt &#8211; wir gehen<\/a><\/p>\n<p><strong>23.05.2013: <\/strong>Bericht im<strong> Wiesbadener Tagblatt<\/strong><br \/>\n<a href=\"http:\/\/www.wiesbadener-tagblatt.de\/region\/wiesbaden\/meldungen\/13110630.htm\" target=\"_blank\" rel=\"noopener\">Zwei Wiesbadener Ossietzky-Sch\u00fclerinnen erfolgreich bei Twitteratur-Wettbewerb<\/a><\/p>\n<p><strong>Dezember 2012:<\/strong> Verschiedene Berichte zum<strong> Erhalt der CvO<\/strong><br \/>\n<a href=\"http:\/\/www.fr-online.de\/wiesbaden\/stadtmuseum-carl-von-ossietzky-schule-petersweg-grosse-koalition-hat-grosse-plaene,1472860,21038266.html\" target=\"_blank\" rel=\"noopener\">Gro\u00dfe Koalition hat gro\u00dfe Pl\u00e4ne<\/a><br \/>\n<a href=\"http:\/\/www.wiesbadener-kurier.de\/region\/wiesbaden\/meldungen\/12652044.htm\" target=\"_blank\" rel=\"noopener\">Freude an der Ossietzkyschule<\/a><br \/>\n<a href=\"http:\/\/www.fr-online.de\/wiesbaden\/kommunalpolitik-was-geht-mit-13-millionen-,1472860,21156276.html\" target=\"_blank\" rel=\"noopener\">Was geht mit 13 Millionen?<\/a><br \/>\n<a href=\"http:\/\/www.wiesbadener-kurier.de\/region\/wiesbaden\/stadtteile\/klarenthal\/12654243.htm\" target=\"_blank\" rel=\"noopener\">Klarenthaler Ortsbeirat erleichert \u00fcber Erhalt der Ossietzky-Schule<\/a><br \/>\n<a href=\"http:\/\/www.fr-online.de\/wiesbaden\/grundstueckverkaeufe-millionen-geschaefte-fuer-den-neubau,1472860,21156850.html\" target=\"_blank\" rel=\"noopener\">Millionen-Gesch\u00e4fte f\u00fcr den Neubau<\/a><br \/>\n<a href=\"http:\/\/www.wiesbadener-kurier.de\/region\/wiesbaden\/meldungen\/12694322.htm\" target=\"_blank\" rel=\"noopener\">Mehrheit stimmt f\u00fcr Millionen-Paket<\/a><\/p>\n","protected":false},"excerpt":{"rendered":"<p>Finden Sie Aktuelles zur Schule auch auf der Webseite der Schule (siehe &#8222;Aktuell&#8220;) Hier finden Sie Berichte und Meldungen rund um das CvO aus der regionalen und \u00fcberregionalen Presse. Ihnen ist ein Bericht \u00fcber die Schule aufgefallen, der hier noch &hellip; <a href=\"https:\/\/www.foerderkreis-cvo.de\/?page_id=26\">Weiterlesen <span class=\"meta-nav\">&rarr;<\/span><\/a><\/p>\n","protected":false},"author":1,"featured_media":0,"parent":0,"menu_order":0,"comment_status":"closed","ping_status":"open","template":"","meta":{"footnotes":""},"class_list":["post-26","page","type-page","status-publish","hentry"],"_links":{"self":[{"href":"https:\/\/www.foerderkreis-cvo.de\/index.php?rest_route=\/wp\/v2\/pages\/26","targetHints":{"allow":["GET"]}}],"collection":[{"href":"https:\/\/www.foerderkreis-cvo.de\/index.php?rest_route=\/wp\/v2\/pages"}],"about":[{"href":"https:\/\/www.foerderkreis-cvo.de\/index.php?rest_route=\/wp\/v2\/types\/page"}],"author":[{"embeddable":true,"href":"https:\/\/www.foerderkreis-cvo.de\/index.php?rest_route=\/wp\/v2\/users\/1"}],"replies":[{"embeddable":true,"href":"https:\/\/www.foerderkreis-cvo.de\/index.php?rest_route=%2Fwp%2Fv2%2Fcomments&post=26"}],"version-history":[{"count":32,"href":"https:\/\/www.foerderkreis-cvo.de\/index.php?rest_route=\/wp\/v2\/pages\/26\/revisions"}],"predecessor-version":[{"id":699,"href":"https:\/\/www.foerderkreis-cvo.de\/index.php?rest_route=\/wp\/v2\/pages\/26\/revisions\/699"}],"wp:attachment":[{"href":"https:\/\/www.foerderkreis-cvo.de\/index.php?rest_route=%2Fwp%2Fv2%2Fmedia&parent=26"}],"curies":[{"name":"wp","href":"https:\/\/api.w.org\/{rel}","templated":true}]}}